{"version":"1.0","provider_name":"Bieler Praxis f\u00fcr Mediation","provider_url":"https:\/\/www.praxis-fuer-mediation.ch\/fr\/","author_name":"rettenm","author_url":"https:\/\/www.praxis-fuer-mediation.ch\/fr\/author\/rettenm\/","title":"th\u00e8mes - Centre biennois de m\u00e9diation - Biel\/Bienne","type":"rich","width":600,"height":338,"html":"<blockquote class=\"wp-embedded-content\" data-secret=\"r0dXJZh3Z7\"><a href=\"https:\/\/www.praxis-fuer-mediation.ch\/fr\/themes\/\">th\u00e8mes<\/a><\/blockquote><iframe sandbox=\"allow-scripts\" security=\"restricted\" src=\"https:\/\/www.praxis-fuer-mediation.ch\/fr\/themes\/embed\/#?secret=r0dXJZh3Z7\" width=\"600\" height=\"338\" title=\"\u00ab\u00a0th\u00e8mes\u00a0\u00bb &#8212; Bieler Praxis f\u00fcr Mediation\" data-secret=\"r0dXJZh3Z7\" frameborder=\"0\" marginwidth=\"0\" marginheight=\"0\" scrolling=\"no\" class=\"wp-embedded-content\"><\/iframe><script type=\"text\/javascript\">\n\/* <![CDATA[ *\/\n\/*! This file is auto-generated *\/\n!function(d,l){\"use strict\";l.querySelector&&d.addEventListener&&\"undefined\"!=typeof URL&&(d.wp=d.wp||{},d.wp.receiveEmbedMessage||(d.wp.receiveEmbedMessage=function(e){var t=e.data;if((t||t.secret||t.message||t.value)&&!\/[^a-zA-Z0-9]\/.test(t.secret)){for(var s,r,n,a=l.querySelectorAll('iframe[data-secret=\"'+t.secret+'\"]'),o=l.querySelectorAll('blockquote[data-secret=\"'+t.secret+'\"]'),c=new RegExp(\"^https?:$\",\"i\"),i=0;i<o.length;i++)o[i].style.display=\"none\";for(i=0;i<a.length;i++)s=a[i],e.source===s.contentWindow&&(s.removeAttribute(\"style\"),\"height\"===t.message?(1e3<(r=parseInt(t.value,10))?r=1e3:~~r<200&&(r=200),s.height=r):\"link\"===t.message&&(r=new URL(s.getAttribute(\"src\")),n=new URL(t.value),c.test(n.protocol))&&n.host===r.host&&l.activeElement===s&&(d.top.location.href=t.value))}},d.addEventListener(\"message\",d.wp.receiveEmbedMessage,!1),l.addEventListener(\"DOMContentLoaded\",function(){for(var e,t,s=l.querySelectorAll(\"iframe.wp-embedded-content\"),r=0;r<s.length;r++)(t=(e=s[r]).getAttribute(\"data-secret\"))||(t=Math.random().toString(36).substring(2,12),e.src+=\"#?secret=\"+t,e.setAttribute(\"data-secret\",t)),e.contentWindow.postMessage({message:\"ready\",secret:t},\"*\")},!1)))}(window,document);\n\/* ]]> *\/\n<\/script>\n","description":"[vc_row][vc_column][vc_column_text] Th\u00e8mes [\/vc_column_text][\/vc_column][\/vc_row][vc_row][vc_column][vc_tta_accordion c_icon=\u00a0\u00bbchevron\u00a0\u00bb active_section=\u00a0\u00bb43433443&Prime; collapsible_all=\u00a0\u00bbtrue\u00a0\u00bb][vc_tta_section title=\u00a0\u00bbDroit de la famille\u00a0\u00bb tab_id=\u00a0\u00bb1620394145310-83e4b26f-9ca5&Prime;][vc_column_text el_id=\u00a0\u00bbfamilienrecht\u00a0\u00bb]Vous \u00eates en situation de s\u00e9paration ou de divorce et vous voulez r\u00e9gler les effets accessoires de fa\u00e7on consensuelle\u00a0? Par exemple en ce qui concerne vos enfants (autorit\u00e9 parentale, garde, relations personnelles), votre communication, les cons\u00e9quences financi\u00e8res (budget, patrimoine), etc. Vous voulez prendre en [&hellip;]"}