{"id":1138,"date":"2021-07-14T08:14:18","date_gmt":"2021-07-14T08:14:18","guid":{"rendered":"https:\/\/bpm.rettenmund.com\/?page_id=1138"},"modified":"2024-07-23T23:53:12","modified_gmt":"2024-07-23T23:53:12","slug":"protection-des-donnees","status":"publish","type":"page","link":"https:\/\/www.praxis-fuer-mediation.ch\/fr\/protection-des-donnees\/","title":{"rendered":"Protection des donn\u00e9es"},"content":{"rendered":"<p>[vc_row][vc_column][vc_column_text]<\/p>\n<h1>D\u00e9claration de protection des donn\u00e9es du centre biennois de m\u00e9diation<\/h1>\n<p>[\/vc_column_text][vc_column_text]Version de juillet 2024<\/p>\n<p>Dans cette d\u00e9claration de protection des donn\u00e9es, nous, le centre biennois de m\u00e9diation, expliquons comment nous collectons et traitons les donn\u00e9es personnelles. Il ne s&rsquo;agit pas d&rsquo;une description exhaustive ; le cas \u00e9ch\u00e9ant, d&rsquo;autres d\u00e9clarations de protection des donn\u00e9es (ou conditions g\u00e9n\u00e9rales, conventions de m\u00e9diation et documents similaires) r\u00e8glent des faits sp\u00e9cifiques. Par donn\u00e9es personnelles, on entend toutes les informations qui se rapportent \u00e0 une personne identifi\u00e9e ou identifiable.<\/p>\n<p>Si vous nous fournissez des donn\u00e9es personnelles d&rsquo;autres personnes (par ex. membres de la famille, donn\u00e9es de coll\u00e8gues de travail, clients), veuillez-vous assurer que ces personnes connaissent la pr\u00e9sente d\u00e9claration de protection des donn\u00e9es et ne nous communiquez leurs donn\u00e9es personnelles que si vous y \u00eates autoris\u00e9 et si ces donn\u00e9es personnelles sont correctes.<\/p>\n<h2>1. Responsable de la protection des donn\u00e9es \/ Repr\u00e9sentant<\/h2>\n<p>Le responsable du traitement des donn\u00e9es que nous d\u00e9crivons ici est le centre biennois de m\u00e9diation, rue de la Gare 50, 2502 Bienne. Si vous avez des questions concernant la protection des donn\u00e9es, vous pouvez nous les communiquer \u00e0 l&rsquo;adresse de contact suivante : info@praxis-fuer-mediation.ch ou par courrier \u00e0 centre biennois de m\u00e9diation, rue de la Gare 50, 2502 Bienne.<\/p>\n<h2>2. Collecte et traitement des donn\u00e9es personnelles<\/h2>\n<p>Nous traitons en premier lieu les donn\u00e9es personnelles que nous recevons de la part des clientes et d&rsquo;autres personnes impliqu\u00e9es dans le cadre de notre relation d&rsquo;affaires avec elles, ou que nous collectons aupr\u00e8s de leurs utilisateurs lors de l&rsquo;exploitation de notre site web et d&rsquo;autres applications.<\/p>\n<p>Dans la mesure o\u00f9 cela est autoris\u00e9, nous extrayons \u00e9galement certaines donn\u00e9es de sources accessibles au public (p. ex. registre du commerce, presse, Internet), des autorit\u00e9s (notamment les tribunaux et l&rsquo;APEA) et d&rsquo;autres tiers. Outre les donn\u00e9es que vous nous fournissez directement, les cat\u00e9gories de donn\u00e9es personnelles que nous recevons de tiers \u00e0 votre sujet comprennent notamment les indications que nous apprenons dans le cadre de proc\u00e9dures administratives et judiciaires, les indications vous concernant dans la correspondance et les entretiens avec des tiers et les indications que des personnes de votre entourage (famille, conseiller\/\u00e8re, repr\u00e9sentant\/e juridique, etc.) nous donnent \u00e0 votre sujet, comme vos adresses et, le cas \u00e9ch\u00e9ant, vos centres d&rsquo;int\u00e9r\u00eat et d&rsquo;autres donn\u00e9es sociod\u00e9mographiques.<\/p>\n<h2>3. Objectifs du traitement des donn\u00e9es et bases juridiques<\/h2>\n<p>Nous n&rsquo;utilisons en principe les donn\u00e9es personnelles que nous collectons que dans le cadre de la r\u00e9alisation d&rsquo;une m\u00e9diation ainsi que pour remplir notre mandat et nos obligations l\u00e9gales en Suisse (notamment le rapport aux autorit\u00e9s). Dans la mesure o\u00f9 des tiers demandent une m\u00e9diation, vos donn\u00e9es personnelles peuvent bien entendu \u00e9galement \u00eatre concern\u00e9es \u00e0 ce titre. En outre, nous traitons vos donn\u00e9es personnelles et celles d&rsquo;autres personnes, dans la mesure o\u00f9 cela est autoris\u00e9 et que nous le jugeons opportun, aux fins suivantes, pour lesquelles nous (et parfois aussi des tiers) avons un int\u00e9r\u00eat l\u00e9gitime correspondant au but poursuivi (bien entendu dans le respect int\u00e9gral du secret professionnel) :<\/p>\n<ul>\n<li>Offre et d\u00e9veloppement de nos services et de notre site web ;<\/li>\n<li>Communication avec des tiers et traitement de leurs demandes (p. ex. rapports, demandes des m\u00e9dias) ;<\/li>\n<li>Examen et optimisation des proc\u00e9dures d&rsquo;analyse des besoins en vue d&rsquo;un contact direct avec les m\u00e9diateurs\/m\u00e9diatrices ainsi que collecte de donn\u00e9es personnelles provenant de sources accessibles au public en vue d&rsquo;accro\u00eetre la notori\u00e9t\u00e9 ;<\/li>\n<li>Publicit\u00e9 et marketing (y compris l&rsquo;organisation de manifestations), dans la mesure o\u00f9 vous ne vous \u00eates pas oppos\u00e9(e) \u00e0 l&rsquo;utilisation de vos donn\u00e9es (si nous vous envoyons de la publicit\u00e9 en tant que client(e) existant(e), vous pouvez vous y opposer \u00e0 tout moment, nous vous inscrirons alors sur une liste d&rsquo;opposition \u00e0 d&rsquo;autres envois publicitaires) ;<\/li>\n<li>Observation des m\u00e9dias ;<\/li>\n<li>Faire valoir des droits juridiques et se d\u00e9fendre dans le cadre de litiges juridiques et de proc\u00e9dures administratives ;<\/li>\n<li>Pr\u00e9vention et \u00e9lucidation de d\u00e9lits et autres comportements r\u00e9pr\u00e9hensibles (par ex. r\u00e9alisation d&rsquo;enqu\u00eates internes, analyses de donn\u00e9es pour lutter contre la fraude) ;<\/li>\n<li>Garantir notre fonctionnement, notamment informatique, de notre site web.<\/li>\n<\/ul>\n<p>Si vous nous avez donn\u00e9 votre consentement pour le traitement de vos donn\u00e9es personnelles \u00e0 des fins sp\u00e9cifiques (notamment dans le cadre d&rsquo;une m\u00e9diation), nous traitons vos donn\u00e9es personnelles dans le cadre et sur la base de ce consentement, dans la mesure o\u00f9 nous ne disposons pas d&rsquo;une autre base juridique et o\u00f9 nous avons besoin d&rsquo;une telle base. Un consentement donn\u00e9 peut \u00eatre r\u00e9voqu\u00e9 \u00e0 tout moment, ce qui n&rsquo;a toutefois aucun effet sur les traitements de donn\u00e9es d\u00e9j\u00e0 effectu\u00e9s.<\/p>\n<h2>4. Transmission de donn\u00e9es et transfert de donn\u00e9es \u00e0 l&rsquo;\u00e9tranger<\/h2>\n<p>Dans le cadre de nos activit\u00e9s commerciales et des objectifs mentionn\u00e9s au point 3, nous communiquons \u00e9galement des donn\u00e9es \u00e0 des tiers, soit parce qu&rsquo;ils les traitent pour nous, soit parce qu&rsquo;ils souhaitent les utiliser \u00e0 leurs propres fins, dans la mesure o\u00f9 le secret professionnel le permet et o\u00f9 cela nous semble indiqu\u00e9. Il s&rsquo;agit en particulier des services suivants :<\/p>\n<ul>\n<li>Prestataires de services de notre part (comme par ex. les banques pour les paiements), y compris les sous-traitants (comme par ex. les fournisseurs informatiques pour la communication \u00e9lectronique via l&rsquo;adresse e-mail info@praxis-fuer-mediation.ch ainsi que la communication \u00e9lectronique via E-mail au sein du centre biennois de m\u00e9diation ainsi que pour l&rsquo;envoi du courrier physique [ouverture par la direction, les membres et le secr\u00e9tariat du centre biennois de m\u00e9diation]) ;<\/li>\n<li>autorit\u00e9s, services officiels, APEA ou tribunaux suisses et \u00e9trangers (sur demande ou en cas d&rsquo;obligation l\u00e9gale correspondante) ;<\/li>\n<li>les m\u00e9dias (sous couvert d&rsquo;anonymat) ;<\/li>\n<li>le public, y compris les visiteurs des sites web et des m\u00e9dias sociaux (sous r\u00e9serve d&rsquo;anonymat) ;<\/li>\n<li>autres parties \u00e0 des proc\u00e9dures juridiques potentielles ou effectives ;<\/li>\n<li>tous les destinataires communs. Ces destinataires sont en partie nationaux, mais peuvent se trouver n&rsquo;importe o\u00f9 dans le monde. Vous devez notamment vous attendre \u00e0 ce que vos donn\u00e9es soient transf\u00e9r\u00e9es dans tous les pays o\u00f9 se trouvent les prestataires de services que nous utilisons (tels que Microsoft, Gmail, GMX, SAP, etc.).<\/li>\n<\/ul>\n<h2>5. Dur\u00e9e de conservation des donn\u00e9es personnelles<\/h2>\n<p>Nous traitons et conservons vos donn\u00e9es personnelles aussi longtemps que n\u00e9cessaire pour remplir nos obligations contractuelles et l\u00e9gales ou pour atteindre les objectifs poursuivis par le traitement, c&rsquo;est-\u00e0-dire par exemple pour la dur\u00e9e de l&rsquo;ensemble de la relation commerciale (de l&rsquo;initiation et de la demande, de la prise en charge du mandat jusqu&rsquo;\u00e0 la conclusion et\/ou le r\u00e8glement de la m\u00e9diation) ainsi qu&rsquo;au-del\u00e0, conform\u00e9ment aux obligations l\u00e9gales de conservation et de documentation. Dans ce contexte, il est possible que les donn\u00e9es personnelles soient conserv\u00e9es pendant la p\u00e9riode au cours de laquelle des droits peuvent \u00eatre exerc\u00e9s \u00e0 l&rsquo;encontre de notre soci\u00e9t\u00e9 et dans la mesure o\u00f9 nous y sommes contraints par ailleurs par la loi ou si des int\u00e9r\u00eats commerciaux l\u00e9gitimes l&rsquo;exigent (par exemple \u00e0 des fins de preuve et de documentation). D\u00e8s que vos donn\u00e9es personnelles ne sont plus n\u00e9cessaires aux fins susmentionn\u00e9es, elles sont en principe et dans la mesure du possible supprim\u00e9es ou rendues anonymes. Pour les donn\u00e9es d&rsquo;exploitation (p. ex. protocoles de syst\u00e8me, logs), des d\u00e9lais de conservation plus courts de douze mois ou moins s&rsquo;appliquent en principe.<\/p>\n<h2>6. S\u00e9curit\u00e9 des donn\u00e9es<\/h2>\n<p>Nous prenons des mesures de s\u00e9curit\u00e9 techniques et organisationnelles appropri\u00e9es pour prot\u00e9ger vos donn\u00e9es personnelles contre tout acc\u00e8s non autoris\u00e9 et toute utilisation abusive.<\/p>\n<h2>7. Obligation de fournir des donn\u00e9es personnelles<\/h2>\n<p>Dans le cadre de votre demande et de l&rsquo;ex\u00e9cution d&rsquo;une m\u00e9diation, vous devez fournir les donn\u00e9es personnelles n\u00e9cessaires \u00e0 l&rsquo;ex\u00e9cution soigneuse et conforme au mandat. Sans ces donn\u00e9es, nous ne serons en r\u00e8gle g\u00e9n\u00e9rale pas en mesure de mener une m\u00e9diation ou d&rsquo;examiner une demande de m\u00e9diation avec soin et de mani\u00e8re appropri\u00e9e et nous ne pourrons donc pas non plus accorder de prestations. Le site web ne peut pas non plus \u00eatre utilis\u00e9 si certaines donn\u00e9es permettant de garantir le trafic de donn\u00e9es (comme l&rsquo;adresse IP) ne sont pas divulgu\u00e9es.<\/p>\n<h2>8. Droits de la personne concern\u00e9e<\/h2>\n<p>Dans le cadre de la l\u00e9gislation sur la protection des donn\u00e9es qui vous est applicable et dans la mesure o\u00f9 elle le pr\u00e9voit (comme dans le cas du RGPD), vous avez le droit d&rsquo;obtenir des informations, de rectifier, d&rsquo;effacer, de limiter le traitement des donn\u00e9es et de vous opposer \u00e0 nos traitements de donn\u00e9es et \u00e0 d&rsquo;autres int\u00e9r\u00eats l\u00e9gitimes dans le traitement, ainsi que de demander la remise de certaines donn\u00e9es personnelles en vue de leur transfert \u00e0 un autre organisme (ce qu&rsquo;on appelle la portabilit\u00e9 des donn\u00e9es). Veuillez toutefois noter que nous nous r\u00e9servons le droit de faire valoir de notre c\u00f4t\u00e9 les restrictions pr\u00e9vues par la loi, par exemple si nous sommes tenus de conserver ou de traiter certaines donn\u00e9es, si nous avons un int\u00e9r\u00eat pr\u00e9pond\u00e9rant \u00e0 le faire (dans la mesure o\u00f9 nous pouvons l&rsquo;invoquer) ou si nous en avons besoin pour faire valoir des droits. Si des frais sont \u00e0 votre charge, nous vous en informerons au pr\u00e9alable. Nous vous avons d\u00e9j\u00e0 inform\u00e9 au point 3 de la possibilit\u00e9 de r\u00e9voquer votre consentement. Veuillez noter que l&rsquo;exercice de ces droits peut \u00eatre en conflit avec des accords contractuels et que cela peut avoir des cons\u00e9quences telles que la r\u00e9siliation anticip\u00e9e du contrat ou des frais. Dans ce cas, nous vous informerons au pr\u00e9alable si cela n&rsquo;est pas d\u00e9j\u00e0 pr\u00e9vu dans le contrat.<\/p>\n<p>En r\u00e8gle g\u00e9n\u00e9rale, l&rsquo;exercice de tels droits suppose que vous prouviez clairement votre identit\u00e9 (par exemple par une copie de votre carte d&rsquo;identit\u00e9, lorsque votre identit\u00e9 n&rsquo;est pas claire ou ne peut pas \u00eatre v\u00e9rifi\u00e9e autrement). Pour faire valoir vos droits, vous pouvez nous contacter \u00e0 l&rsquo;adresse indiqu\u00e9e au point 1.<\/p>\n<p>Toute personne concern\u00e9e a en outre le droit de faire valoir ses droits en justice ou de d\u00e9poser une plainte aupr\u00e8s de l&rsquo;autorit\u00e9 comp\u00e9tente en mati\u00e8re de protection des donn\u00e9es. L&rsquo;autorit\u00e9 de protection des donn\u00e9es comp\u00e9tente en Suisse est le Pr\u00e9pos\u00e9 f\u00e9d\u00e9ral \u00e0 la protection des donn\u00e9es et \u00e0 la transparence (<a href=\"http:\/\/www.edoeb.admin.ch\">http:\/\/www.edoeb.admin.ch<\/a>).<\/p>\n<h2>9. Modifications<\/h2>\n<p>Nous pouvons adapter cette d\u00e9claration de protection des donn\u00e9es \u00e0 tout moment et sans pr\u00e9avis. La version actuelle publi\u00e9e sur notre site web fait r\u00e9f\u00e9rence.[\/vc_column_text][\/vc_column][\/vc_row]<\/p>\n","protected":false},"excerpt":{"rendered":"<p>[vc_row][vc_column][vc_column_text] D\u00e9claration de protection des donn\u00e9es du centre biennois de m\u00e9diation [\/vc_column_text][vc_column_text]Version de juillet 2024 Dans cette d\u00e9claration de protection des donn\u00e9es, nous, le centre biennois de m\u00e9diation, expliquons comment nous collectons et traitons les donn\u00e9es personnelles. Il ne s&rsquo;agit pas d&rsquo;une description exhaustive ; le cas \u00e9ch\u00e9ant, d&rsquo;autres d\u00e9clarations de protection des donn\u00e9es (ou [&hellip;]<\/p>\n","protected":false},"author":1,"featured_media":0,"parent":0,"menu_order":0,"comment_status":"closed","ping_status":"closed","template":"","meta":{"_acf_changed":false,"footnotes":""},"acf":[],"yoast_head":"<!-- This site is optimized with the Yoast SEO plugin v23.9 - https:\/\/yoast.com\/wordpress\/plugins\/seo\/ -->\n<title>Protection des donn\u00e9es - Centre biennois de m\u00e9diation - Biel\/Bienne<\/title>\n<meta name=\"robots\" content=\"index, follow, max-snippet:-1, max-image-preview:large, max-video-preview:-1\" \/>\n<link rel=\"canonical\" href=\"https:\/\/www.praxis-fuer-mediation.ch\/fr\/protection-des-donnees\/\" \/>\n<meta property=\"og:locale\" content=\"fr_FR\" \/>\n<meta property=\"og:type\" content=\"article\" \/>\n<meta property=\"og:title\" content=\"Protection des donn\u00e9es - Centre biennois de m\u00e9diation - Biel\/Bienne\" \/>\n<meta property=\"og:description\" content=\"[vc_row][vc_column][vc_column_text] D\u00e9claration de protection des donn\u00e9es du centre biennois de m\u00e9diation [\/vc_column_text][vc_column_text]Version de juillet 2024 Dans cette d\u00e9claration de protection des donn\u00e9es, nous, le centre biennois de m\u00e9diation, expliquons comment nous collectons et traitons les donn\u00e9es personnelles. Il ne s&rsquo;agit pas d&rsquo;une description exhaustive ; le cas \u00e9ch\u00e9ant, d&rsquo;autres d\u00e9clarations de protection des donn\u00e9es (ou [&hellip;]\" \/>\n<meta property=\"og:url\" content=\"https:\/\/www.praxis-fuer-mediation.ch\/fr\/protection-des-donnees\/\" \/>\n<meta property=\"og:site_name\" content=\"Bieler Praxis f\u00fcr Mediation\" \/>\n<meta property=\"article:modified_time\" content=\"2024-07-23T23:53:12+00:00\" \/>\n<meta name=\"twitter:card\" content=\"summary_large_image\" \/>\n<meta name=\"twitter:label1\" content=\"Dur\u00e9e de lecture estim\u00e9e\" \/>\n\t<meta name=\"twitter:data1\" content=\"10 minutes\" \/>\n<script type=\"application\/ld+json\" class=\"yoast-schema-graph\">{\"@context\":\"https:\/\/schema.org\",\"@graph\":[{\"@type\":\"WebPage\",\"@id\":\"https:\/\/www.praxis-fuer-mediation.ch\/fr\/protection-des-donnees\/\",\"url\":\"https:\/\/www.praxis-fuer-mediation.ch\/fr\/protection-des-donnees\/\",\"name\":\"Protection des donn\u00e9es - Centre biennois de m\u00e9diation - Biel\/Bienne\",\"isPartOf\":{\"@id\":\"https:\/\/www.praxis-fuer-mediation.ch\/fr\/#website\"},\"datePublished\":\"2021-07-14T08:14:18+00:00\",\"dateModified\":\"2024-07-23T23:53:12+00:00\",\"breadcrumb\":{\"@id\":\"https:\/\/www.praxis-fuer-mediation.ch\/fr\/protection-des-donnees\/#breadcrumb\"},\"inLanguage\":\"fr-FR\",\"potentialAction\":[{\"@type\":\"ReadAction\",\"target\":[\"https:\/\/www.praxis-fuer-mediation.ch\/fr\/protection-des-donnees\/\"]}]},{\"@type\":\"BreadcrumbList\",\"@id\":\"https:\/\/www.praxis-fuer-mediation.ch\/fr\/protection-des-donnees\/#breadcrumb\",\"itemListElement\":[{\"@type\":\"ListItem\",\"position\":1,\"name\":\"Startseite\",\"item\":\"https:\/\/www.praxis-fuer-mediation.ch\/fr\/\"},{\"@type\":\"ListItem\",\"position\":2,\"name\":\"Protection des donn\u00e9es\"}]},{\"@type\":\"WebSite\",\"@id\":\"https:\/\/www.praxis-fuer-mediation.ch\/fr\/#website\",\"url\":\"https:\/\/www.praxis-fuer-mediation.ch\/fr\/\",\"name\":\"Bieler Praxis f\u00fcr Mediation\",\"description\":\"\",\"potentialAction\":[{\"@type\":\"SearchAction\",\"target\":{\"@type\":\"EntryPoint\",\"urlTemplate\":\"https:\/\/www.praxis-fuer-mediation.ch\/fr\/?s={search_term_string}\"},\"query-input\":{\"@type\":\"PropertyValueSpecification\",\"valueRequired\":true,\"valueName\":\"search_term_string\"}}],\"inLanguage\":\"fr-FR\"}]}<\/script>\n<!-- \/ Yoast SEO plugin. -->","yoast_head_json":{"title":"Protection des donn\u00e9es - Centre biennois de m\u00e9diation - Biel\/Bienne","robots":{"index":"index","follow":"follow","max-snippet":"max-snippet:-1","max-image-preview":"max-image-preview:large","max-video-preview":"max-video-preview:-1"},"canonical":"https:\/\/www.praxis-fuer-mediation.ch\/fr\/protection-des-donnees\/","og_locale":"fr_FR","og_type":"article","og_title":"Protection des donn\u00e9es - Centre biennois de m\u00e9diation - Biel\/Bienne","og_description":"[vc_row][vc_column][vc_column_text] D\u00e9claration de protection des donn\u00e9es du centre biennois de m\u00e9diation [\/vc_column_text][vc_column_text]Version de juillet 2024 Dans cette d\u00e9claration de protection des donn\u00e9es, nous, le centre biennois de m\u00e9diation, expliquons comment nous collectons et traitons les donn\u00e9es personnelles. Il ne s&rsquo;agit pas d&rsquo;une description exhaustive ; le cas \u00e9ch\u00e9ant, d&rsquo;autres d\u00e9clarations de protection des donn\u00e9es (ou [&hellip;]","og_url":"https:\/\/www.praxis-fuer-mediation.ch\/fr\/protection-des-donnees\/","og_site_name":"Bieler Praxis f\u00fcr Mediation","article_modified_time":"2024-07-23T23:53:12+00:00","twitter_card":"summary_large_image","twitter_misc":{"Dur\u00e9e de lecture estim\u00e9e":"10 minutes"},"schema":{"@context":"https:\/\/schema.org","@graph":[{"@type":"WebPage","@id":"https:\/\/www.praxis-fuer-mediation.ch\/fr\/protection-des-donnees\/","url":"https:\/\/www.praxis-fuer-mediation.ch\/fr\/protection-des-donnees\/","name":"Protection des donn\u00e9es - Centre biennois de m\u00e9diation - Biel\/Bienne","isPartOf":{"@id":"https:\/\/www.praxis-fuer-mediation.ch\/fr\/#website"},"datePublished":"2021-07-14T08:14:18+00:00","dateModified":"2024-07-23T23:53:12+00:00","breadcrumb":{"@id":"https:\/\/www.praxis-fuer-mediation.ch\/fr\/protection-des-donnees\/#breadcrumb"},"inLanguage":"fr-FR","potentialAction":[{"@type":"ReadAction","target":["https:\/\/www.praxis-fuer-mediation.ch\/fr\/protection-des-donnees\/"]}]},{"@type":"BreadcrumbList","@id":"https:\/\/www.praxis-fuer-mediation.ch\/fr\/protection-des-donnees\/#breadcrumb","itemListElement":[{"@type":"ListItem","position":1,"name":"Startseite","item":"https:\/\/www.praxis-fuer-mediation.ch\/fr\/"},{"@type":"ListItem","position":2,"name":"Protection des donn\u00e9es"}]},{"@type":"WebSite","@id":"https:\/\/www.praxis-fuer-mediation.ch\/fr\/#website","url":"https:\/\/www.praxis-fuer-mediation.ch\/fr\/","name":"Bieler Praxis f\u00fcr Mediation","description":"","potentialAction":[{"@type":"SearchAction","target":{"@type":"EntryPoint","urlTemplate":"https:\/\/www.praxis-fuer-mediation.ch\/fr\/?s={search_term_string}"},"query-input":{"@type":"PropertyValueSpecification","valueRequired":true,"valueName":"search_term_string"}}],"inLanguage":"fr-FR"}]}},"_links":{"self":[{"href":"https:\/\/www.praxis-fuer-mediation.ch\/fr\/wp-json\/wp\/v2\/pages\/1138"}],"collection":[{"href":"https:\/\/www.praxis-fuer-mediation.ch\/fr\/wp-json\/wp\/v2\/pages"}],"about":[{"href":"https:\/\/www.praxis-fuer-mediation.ch\/fr\/wp-json\/wp\/v2\/types\/page"}],"author":[{"embeddable":true,"href":"https:\/\/www.praxis-fuer-mediation.ch\/fr\/wp-json\/wp\/v2\/users\/1"}],"replies":[{"embeddable":true,"href":"https:\/\/www.praxis-fuer-mediation.ch\/fr\/wp-json\/wp\/v2\/comments?post=1138"}],"version-history":[{"count":7,"href":"https:\/\/www.praxis-fuer-mediation.ch\/fr\/wp-json\/wp\/v2\/pages\/1138\/revisions"}],"predecessor-version":[{"id":1266,"href":"https:\/\/www.praxis-fuer-mediation.ch\/fr\/wp-json\/wp\/v2\/pages\/1138\/revisions\/1266"}],"wp:attachment":[{"href":"https:\/\/www.praxis-fuer-mediation.ch\/fr\/wp-json\/wp\/v2\/media?parent=1138"}],"curies":[{"name":"wp","href":"https:\/\/api.w.org\/{rel}","templated":true}]}}