{"id":836,"date":"2021-06-07T09:45:12","date_gmt":"2021-06-07T09:45:12","guid":{"rendered":"https:\/\/bpm.rettenmund.com\/?page_id=836"},"modified":"2025-03-05T00:52:34","modified_gmt":"2025-03-05T00:52:34","slug":"themes","status":"publish","type":"page","link":"https:\/\/www.praxis-fuer-mediation.ch\/fr\/themes\/","title":{"rendered":"th\u00e8mes"},"content":{"rendered":"<p>[vc_row][vc_column][vc_column_text]<\/p>\n<h1>Th\u00e8mes<\/h1>\n<p>[\/vc_column_text][\/vc_column][\/vc_row][vc_row][vc_column][vc_tta_accordion c_icon=\u00a0\u00bbchevron\u00a0\u00bb active_section=\u00a0\u00bb43433443&Prime; collapsible_all=\u00a0\u00bbtrue\u00a0\u00bb][vc_tta_section title=\u00a0\u00bbDroit de la famille\u00a0\u00bb tab_id=\u00a0\u00bb1620394145310-83e4b26f-9ca5&Prime;][vc_column_text el_id=\u00a0\u00bbfamilienrecht\u00a0\u00bb]Vous \u00eates en situation de s\u00e9paration ou de divorce et vous voulez r\u00e9gler les effets accessoires de fa\u00e7on consensuelle\u00a0?<\/p>\n<p>Par exemple en ce qui concerne vos enfants (autorit\u00e9 parentale, garde, relations personnelles), votre communication, les cons\u00e9quences financi\u00e8res (budget, patrimoine), etc.<\/p>\n<p>Vous voulez prendre en compte les int\u00e9r\u00eats de vos enfants et leur donner une voix dans la nouvelle organisation de la famille\u00a0?<\/p>\n<p>Vous avez d\u00e9j\u00e0 conclu une convention de s\u00e9paration ou de divorce et vous voulez clarifier des probl\u00e8mes concernant les relations personnelles ou encore proc\u00e9der aux adaptations n\u00e9cessaires d\u00e9coulant de modifications survenues\u00a0?<\/p>\n<p><a href=\"https:\/\/www.praxis-fuer-mediation.ch\/wp-content\/uploads\/broschuere-elternschaft-nach-der-trennung-f.pdf\" target=\"_blank\" rel=\"noopener\">brochure: \u201eRester parents apr\u00e8s la s\u00e9paration\u201c (PDF)<\/a>[\/vc_column_text][vc_empty_space][\/vc_tta_section][vc_tta_section title=\u00a0\u00bbDroit des successions\u00a0\u00bb tab_id=\u00a0\u00bb1620394145317-6e86ba17-629a\u00a0\u00bb][vc_column_text el_id=\u00a0\u00bberbschaftsrecht\u00a0\u00bb]Vous voulez r\u00e9gler vos affaires successorales d\u2019entente avec vos descendants et prendre \u00e0 l\u2019avance des d\u00e9cisions communes qui conviennent \u00e0 tous ?<\/p>\n<p>Vous \u00eates en communaut\u00e9 d\u2019h\u00e9ritiers (hoirie) et vous voulez dissoudre cette derni\u00e8re \u00e0 l\u2019amiable?[\/vc_column_text][vc_empty_space][\/vc_tta_section][vc_tta_section title=\u00a0\u00bbM\u00e9diation en mati\u00e8re de voisinage\u00a0\u00bb tab_id=\u00a0\u00bb1620394262101-5be09718-138b\u00a0\u00bb][vc_column_text el_id=\u00a0\u00bbnachbarschaft\u00a0\u00bb]En votre qualit\u00e9 de propri\u00e9taire d\u2019une unit\u00e9 de propri\u00e9t\u00e9 par \u00e9tage (PPE), vous \u00eates confront\u00e9 \u00e0 des difficult\u00e9s r\u00e9currentes et vous voulez \u00e9tablir un climat de n\u00e9gociation constructif afin que les d\u00e9cisions n\u00e9cessaires puissent \u00eatre prises en commun ?<\/p>\n<p>Avec vos voisins, vous voulez aplanir de fa\u00e7on durable les difficult\u00e9s existantes autrement qu\u2019en faisant le poing dans la poche ou qu\u2019en brandissant des menaces d\u2019actions judiciaires ?[\/vc_column_text][vc_empty_space][\/vc_tta_section][vc_tta_section title=\u00a0\u00bbDroit du travail\u00a0\u00bb tab_id=\u00a0\u00bb1620394312519-e0552db3-fe72&Prime;][vc_column_text el_id=\u00a0\u00bbarbeitsrecht\u00a0\u00bb]Dans votre entreprise ou dans votre d\u00e9partement, existe-t-il un conflit que vous voudriez r\u00e9soudre de fa\u00e7on constructive ?<\/p>\n<p>A votre place de travail, \u00eates-vous impliqu\u00e9 dans un conflit avec un coll\u00e8gue, un sup\u00e9rieur hi\u00e9rarchique ou un collaborateur et souhaitez-vous le r\u00e9gler de fa\u00e7on p\u00e9renne?[\/vc_column_text][vc_empty_space][\/vc_tta_section][vc_tta_section title=\u00a0\u00bbM\u00e9diation dans le domaine \u00e9conomique\u00a0\u00bb tab_id=\u00a0\u00bb1620394328238-d9bc8cfe-2516&Prime;][vc_column_text el_id=\u00a0\u00bbwirtschaftsmediation\u00a0\u00bb]Vous avez l\u2019intention de remettre votre cabinet m\u00e9dical, votre bureau d\u2019architecture ou d\u2019avocat ou votre entreprise et vous souhaitez convenir de modalit\u00e9s solides avec votre successeur ?<\/p>\n<p>Vous \u00eates sur le point de proc\u00e9der \u00e0 un changement de strat\u00e9gie dans votre entreprise et vous souhaitez mettre en \u0153uvre le processus d\u2019adaptation de fa\u00e7on concert\u00e9e et paisible ?[\/vc_column_text][vc_empty_space][\/vc_tta_section][\/vc_tta_accordion][\/vc_column][\/vc_row][vc_row][vc_column][vc_empty_space height=\u00a0\u00bb100px\u00a0\u00bb][\/vc_column][\/vc_row][vc_row][vc_column][vc_column_text]<\/p>\n<p>[\/vc_column_text][\/vc_column][\/vc_row][vc_row][vc_column][vc_column_text]<\/p>\n<p>[\/vc_column_text][\/vc_column][\/vc_row]<\/p>\n","protected":false},"excerpt":{"rendered":"<p>[vc_row][vc_column][vc_column_text] Th\u00e8mes [\/vc_column_text][\/vc_column][\/vc_row][vc_row][vc_column][vc_tta_accordion c_icon=\u00a0\u00bbchevron\u00a0\u00bb active_section=\u00a0\u00bb43433443&Prime; collapsible_all=\u00a0\u00bbtrue\u00a0\u00bb][vc_tta_section title=\u00a0\u00bbDroit de la famille\u00a0\u00bb tab_id=\u00a0\u00bb1620394145310-83e4b26f-9ca5&Prime;][vc_column_text el_id=\u00a0\u00bbfamilienrecht\u00a0\u00bb]Vous \u00eates en situation de s\u00e9paration ou de divorce et vous voulez r\u00e9gler les effets accessoires de fa\u00e7on consensuelle\u00a0? Par exemple en ce qui concerne vos enfants (autorit\u00e9 parentale, garde, relations personnelles), votre communication, les cons\u00e9quences financi\u00e8res (budget, patrimoine), etc. Vous voulez prendre en [&hellip;]<\/p>\n","protected":false},"author":1,"featured_media":0,"parent":0,"menu_order":0,"comment_status":"closed","ping_status":"closed","template":"","meta":{"_acf_changed":false,"footnotes":""},"acf":[],"yoast_head":"<!-- This site is optimized with the Yoast SEO plugin v23.9 - https:\/\/yoast.com\/wordpress\/plugins\/seo\/ -->\n<title>th\u00e8mes - Centre biennois de m\u00e9diation - Biel\/Bienne<\/title>\n<meta name=\"robots\" content=\"index, follow, max-snippet:-1, max-image-preview:large, max-video-preview:-1\" \/>\n<link rel=\"canonical\" href=\"https:\/\/www.praxis-fuer-mediation.ch\/fr\/themes\/\" \/>\n<meta property=\"og:locale\" content=\"fr_FR\" \/>\n<meta property=\"og:type\" content=\"article\" \/>\n<meta property=\"og:title\" content=\"th\u00e8mes - Centre biennois de m\u00e9diation - Biel\/Bienne\" \/>\n<meta property=\"og:description\" content=\"[vc_row][vc_column][vc_column_text] Th\u00e8mes [\/vc_column_text][\/vc_column][\/vc_row][vc_row][vc_column][vc_tta_accordion c_icon=\u00a0\u00bbchevron\u00a0\u00bb active_section=\u00a0\u00bb43433443&Prime; collapsible_all=\u00a0\u00bbtrue\u00a0\u00bb][vc_tta_section title=\u00a0\u00bbDroit de la famille\u00a0\u00bb tab_id=\u00a0\u00bb1620394145310-83e4b26f-9ca5&Prime;][vc_column_text el_id=\u00a0\u00bbfamilienrecht\u00a0\u00bb]Vous \u00eates en situation de s\u00e9paration ou de divorce et vous voulez r\u00e9gler les effets accessoires de fa\u00e7on consensuelle\u00a0? Par exemple en ce qui concerne vos enfants (autorit\u00e9 parentale, garde, relations personnelles), votre communication, les cons\u00e9quences financi\u00e8res (budget, patrimoine), etc. Vous voulez prendre en [&hellip;]\" \/>\n<meta property=\"og:url\" content=\"https:\/\/www.praxis-fuer-mediation.ch\/fr\/themes\/\" \/>\n<meta property=\"og:site_name\" content=\"Bieler Praxis f\u00fcr Mediation\" \/>\n<meta property=\"article:modified_time\" content=\"2025-03-05T00:52:34+00:00\" \/>\n<meta name=\"twitter:card\" content=\"summary_large_image\" \/>\n<meta name=\"twitter:label1\" content=\"Dur\u00e9e de lecture estim\u00e9e\" \/>\n\t<meta name=\"twitter:data1\" content=\"2 minutes\" \/>\n<script type=\"application\/ld+json\" class=\"yoast-schema-graph\">{\"@context\":\"https:\/\/schema.org\",\"@graph\":[{\"@type\":\"WebPage\",\"@id\":\"https:\/\/www.praxis-fuer-mediation.ch\/fr\/themes\/\",\"url\":\"https:\/\/www.praxis-fuer-mediation.ch\/fr\/themes\/\",\"name\":\"th\u00e8mes - Centre biennois de m\u00e9diation - Biel\/Bienne\",\"isPartOf\":{\"@id\":\"https:\/\/www.praxis-fuer-mediation.ch\/fr\/#website\"},\"datePublished\":\"2021-06-07T09:45:12+00:00\",\"dateModified\":\"2025-03-05T00:52:34+00:00\",\"breadcrumb\":{\"@id\":\"https:\/\/www.praxis-fuer-mediation.ch\/fr\/themes\/#breadcrumb\"},\"inLanguage\":\"fr-FR\",\"potentialAction\":[{\"@type\":\"ReadAction\",\"target\":[\"https:\/\/www.praxis-fuer-mediation.ch\/fr\/themes\/\"]}]},{\"@type\":\"BreadcrumbList\",\"@id\":\"https:\/\/www.praxis-fuer-mediation.ch\/fr\/themes\/#breadcrumb\",\"itemListElement\":[{\"@type\":\"ListItem\",\"position\":1,\"name\":\"Startseite\",\"item\":\"https:\/\/www.praxis-fuer-mediation.ch\/fr\/\"},{\"@type\":\"ListItem\",\"position\":2,\"name\":\"th\u00e8mes\"}]},{\"@type\":\"WebSite\",\"@id\":\"https:\/\/www.praxis-fuer-mediation.ch\/fr\/#website\",\"url\":\"https:\/\/www.praxis-fuer-mediation.ch\/fr\/\",\"name\":\"Bieler Praxis f\u00fcr Mediation\",\"description\":\"\",\"potentialAction\":[{\"@type\":\"SearchAction\",\"target\":{\"@type\":\"EntryPoint\",\"urlTemplate\":\"https:\/\/www.praxis-fuer-mediation.ch\/fr\/?s={search_term_string}\"},\"query-input\":{\"@type\":\"PropertyValueSpecification\",\"valueRequired\":true,\"valueName\":\"search_term_string\"}}],\"inLanguage\":\"fr-FR\"}]}<\/script>\n<!-- \/ Yoast SEO plugin. -->","yoast_head_json":{"title":"th\u00e8mes - Centre biennois de m\u00e9diation - Biel\/Bienne","robots":{"index":"index","follow":"follow","max-snippet":"max-snippet:-1","max-image-preview":"max-image-preview:large","max-video-preview":"max-video-preview:-1"},"canonical":"https:\/\/www.praxis-fuer-mediation.ch\/fr\/themes\/","og_locale":"fr_FR","og_type":"article","og_title":"th\u00e8mes - Centre biennois de m\u00e9diation - Biel\/Bienne","og_description":"[vc_row][vc_column][vc_column_text] Th\u00e8mes [\/vc_column_text][\/vc_column][\/vc_row][vc_row][vc_column][vc_tta_accordion c_icon=\u00a0\u00bbchevron\u00a0\u00bb active_section=\u00a0\u00bb43433443&Prime; collapsible_all=\u00a0\u00bbtrue\u00a0\u00bb][vc_tta_section title=\u00a0\u00bbDroit de la famille\u00a0\u00bb tab_id=\u00a0\u00bb1620394145310-83e4b26f-9ca5&Prime;][vc_column_text el_id=\u00a0\u00bbfamilienrecht\u00a0\u00bb]Vous \u00eates en situation de s\u00e9paration ou de divorce et vous voulez r\u00e9gler les effets accessoires de fa\u00e7on consensuelle\u00a0? Par exemple en ce qui concerne vos enfants (autorit\u00e9 parentale, garde, relations personnelles), votre communication, les cons\u00e9quences financi\u00e8res (budget, patrimoine), etc. Vous voulez prendre en [&hellip;]","og_url":"https:\/\/www.praxis-fuer-mediation.ch\/fr\/themes\/","og_site_name":"Bieler Praxis f\u00fcr Mediation","article_modified_time":"2025-03-05T00:52:34+00:00","twitter_card":"summary_large_image","twitter_misc":{"Dur\u00e9e de lecture estim\u00e9e":"2 minutes"},"schema":{"@context":"https:\/\/schema.org","@graph":[{"@type":"WebPage","@id":"https:\/\/www.praxis-fuer-mediation.ch\/fr\/themes\/","url":"https:\/\/www.praxis-fuer-mediation.ch\/fr\/themes\/","name":"th\u00e8mes - Centre biennois de m\u00e9diation - Biel\/Bienne","isPartOf":{"@id":"https:\/\/www.praxis-fuer-mediation.ch\/fr\/#website"},"datePublished":"2021-06-07T09:45:12+00:00","dateModified":"2025-03-05T00:52:34+00:00","breadcrumb":{"@id":"https:\/\/www.praxis-fuer-mediation.ch\/fr\/themes\/#breadcrumb"},"inLanguage":"fr-FR","potentialAction":[{"@type":"ReadAction","target":["https:\/\/www.praxis-fuer-mediation.ch\/fr\/themes\/"]}]},{"@type":"BreadcrumbList","@id":"https:\/\/www.praxis-fuer-mediation.ch\/fr\/themes\/#breadcrumb","itemListElement":[{"@type":"ListItem","position":1,"name":"Startseite","item":"https:\/\/www.praxis-fuer-mediation.ch\/fr\/"},{"@type":"ListItem","position":2,"name":"th\u00e8mes"}]},{"@type":"WebSite","@id":"https:\/\/www.praxis-fuer-mediation.ch\/fr\/#website","url":"https:\/\/www.praxis-fuer-mediation.ch\/fr\/","name":"Bieler Praxis f\u00fcr Mediation","description":"","potentialAction":[{"@type":"SearchAction","target":{"@type":"EntryPoint","urlTemplate":"https:\/\/www.praxis-fuer-mediation.ch\/fr\/?s={search_term_string}"},"query-input":{"@type":"PropertyValueSpecification","valueRequired":true,"valueName":"search_term_string"}}],"inLanguage":"fr-FR"}]}},"_links":{"self":[{"href":"https:\/\/www.praxis-fuer-mediation.ch\/fr\/wp-json\/wp\/v2\/pages\/836"}],"collection":[{"href":"https:\/\/www.praxis-fuer-mediation.ch\/fr\/wp-json\/wp\/v2\/pages"}],"about":[{"href":"https:\/\/www.praxis-fuer-mediation.ch\/fr\/wp-json\/wp\/v2\/types\/page"}],"author":[{"embeddable":true,"href":"https:\/\/www.praxis-fuer-mediation.ch\/fr\/wp-json\/wp\/v2\/users\/1"}],"replies":[{"embeddable":true,"href":"https:\/\/www.praxis-fuer-mediation.ch\/fr\/wp-json\/wp\/v2\/comments?post=836"}],"version-history":[{"count":7,"href":"https:\/\/www.praxis-fuer-mediation.ch\/fr\/wp-json\/wp\/v2\/pages\/836\/revisions"}],"predecessor-version":[{"id":1286,"href":"https:\/\/www.praxis-fuer-mediation.ch\/fr\/wp-json\/wp\/v2\/pages\/836\/revisions\/1286"}],"wp:attachment":[{"href":"https:\/\/www.praxis-fuer-mediation.ch\/fr\/wp-json\/wp\/v2\/media?parent=836"}],"curies":[{"name":"wp","href":"https:\/\/api.w.org\/{rel}","templated":true}]}}