{"id":849,"date":"2021-06-07T09:48:17","date_gmt":"2021-06-07T09:48:17","guid":{"rendered":"https:\/\/bpm.rettenmund.com\/?page_id=849"},"modified":"2021-07-18T20:03:19","modified_gmt":"2021-07-18T20:03:19","slug":"quest-ce-quest-la-mediation","status":"publish","type":"page","link":"https:\/\/www.praxis-fuer-mediation.ch\/fr\/mediation\/quest-ce-quest-la-mediation\/","title":{"rendered":"Qu\u2019est-ce qu\u2019est la m\u00e9diation ?"},"content":{"rendered":"<p>[vc_row][vc_column][vc_column_text]<\/p>\n<h1>Qu\u2019est-ce qu\u2019est la m\u00e9diation ?<\/h1>\n<p>La m\u00e9diation vise \u00e0 r\u00e9soudre des conflits. Les personnes concern\u00e9es \u00e9laborent une solution commune et orient\u00e9e vers l\u2019avenir avec l\u2019aide d\u2019une m\u00e9diatrice ou d\u2019un m\u00e9diateur. Tel est le but.<\/p>\n<p>La m\u00e9diatrice et le m\u00e9diateur sont neutres. Ils conduisent les parties dans la proc\u00e9dure et les soutiennent. Ils ne font pas de propositions et n\u2019imposent pas de solutions. La proc\u00e9dure est extrajudiciaire, volontaire et confidentielle. Les parties peuvent mettre fin \u00e0 la m\u00e9diation en tout temps.<\/p>\n<p>Les parties conviennent en fin de parcours d\u2019une convention qui correspond \u00e0 leurs besoins et qui est d\u00e8s lors contraignante.<\/p>\n<p>Les m\u00e9diatrices et les m\u00e9diateurs du Centre biennois de m\u00e9diation ont l\u2019exp\u00e9rience des situations de conflit et ils travaillent dans les domaines suivants :<\/p>\n<p><a href=\"https:\/\/www.praxis-fuer-mediation.ch\/fr\/themes\/#1620394145310-83e4b26f-9ca5\">Droit de la famille<\/a><br \/>\n<a href=\"https:\/\/www.praxis-fuer-mediation.ch\/fr\/themes\/#1620394145317-6e86ba17-629a\">Droit des successions<\/a><br \/>\n<a href=\"https:\/\/www.praxis-fuer-mediation.ch\/fr\/themes\/#1620394262101-5be09718-138b\">M\u00e9diation en mati\u00e8re de voisinage<\/a><br \/>\n<a href=\"https:\/\/www.praxis-fuer-mediation.ch\/fr\/themes\/#1620394312519-e0552db3-fe72\">Droit du travail<\/a><br \/>\n<a href=\"https:\/\/www.praxis-fuer-mediation.ch\/fr\/themes\/#1620394328238-d9bc8cfe-2516\">M\u00e9diation dans le domaine \u00e9conomique<\/a>[\/vc_column_text][vc_empty_space height=\u00a0\u00bb100px\u00a0\u00bb][\/vc_column][\/vc_row]<\/p>\n","protected":false},"excerpt":{"rendered":"<p>[vc_row][vc_column][vc_column_text] Qu\u2019est-ce qu\u2019est la m\u00e9diation ? La m\u00e9diation vise \u00e0 r\u00e9soudre des conflits. Les personnes concern\u00e9es \u00e9laborent une solution commune et orient\u00e9e vers l\u2019avenir avec l\u2019aide d\u2019une m\u00e9diatrice ou d\u2019un m\u00e9diateur. Tel est le but. La m\u00e9diatrice et le m\u00e9diateur sont neutres. Ils conduisent les parties dans la proc\u00e9dure et les soutiennent. Ils ne font [&hellip;]<\/p>\n","protected":false},"author":1,"featured_media":0,"parent":834,"menu_order":0,"comment_status":"closed","ping_status":"closed","template":"","meta":{"_acf_changed":false,"footnotes":""},"acf":[],"yoast_head":"<!-- This site is optimized with the Yoast SEO plugin v23.9 - https:\/\/yoast.com\/wordpress\/plugins\/seo\/ -->\n<title>Qu\u2019est-ce qu\u2019est la m\u00e9diation ? - Centre biennois de m\u00e9diation - Biel\/Bienne<\/title>\n<meta name=\"robots\" content=\"index, follow, max-snippet:-1, max-image-preview:large, max-video-preview:-1\" \/>\n<link rel=\"canonical\" href=\"https:\/\/www.praxis-fuer-mediation.ch\/fr\/mediation\/quest-ce-quest-la-mediation\/\" \/>\n<meta property=\"og:locale\" content=\"fr_FR\" \/>\n<meta property=\"og:type\" content=\"article\" \/>\n<meta property=\"og:title\" content=\"Qu\u2019est-ce qu\u2019est la m\u00e9diation ? - Centre biennois de m\u00e9diation - Biel\/Bienne\" \/>\n<meta property=\"og:description\" content=\"[vc_row][vc_column][vc_column_text] Qu\u2019est-ce qu\u2019est la m\u00e9diation ? La m\u00e9diation vise \u00e0 r\u00e9soudre des conflits. Les personnes concern\u00e9es \u00e9laborent une solution commune et orient\u00e9e vers l\u2019avenir avec l\u2019aide d\u2019une m\u00e9diatrice ou d\u2019un m\u00e9diateur. Tel est le but. La m\u00e9diatrice et le m\u00e9diateur sont neutres. Ils conduisent les parties dans la proc\u00e9dure et les soutiennent. Ils ne font [&hellip;]\" \/>\n<meta property=\"og:url\" content=\"https:\/\/www.praxis-fuer-mediation.ch\/fr\/mediation\/quest-ce-quest-la-mediation\/\" \/>\n<meta property=\"og:site_name\" content=\"Bieler Praxis f\u00fcr Mediation\" \/>\n<meta property=\"article:modified_time\" content=\"2021-07-18T20:03:19+00:00\" \/>\n<meta name=\"twitter:card\" content=\"summary_large_image\" \/>\n<meta name=\"twitter:label1\" content=\"Dur\u00e9e de lecture estim\u00e9e\" \/>\n\t<meta name=\"twitter:data1\" content=\"1 minute\" \/>\n<script type=\"application\/ld+json\" class=\"yoast-schema-graph\">{\"@context\":\"https:\/\/schema.org\",\"@graph\":[{\"@type\":\"WebPage\",\"@id\":\"https:\/\/www.praxis-fuer-mediation.ch\/fr\/mediation\/quest-ce-quest-la-mediation\/\",\"url\":\"https:\/\/www.praxis-fuer-mediation.ch\/fr\/mediation\/quest-ce-quest-la-mediation\/\",\"name\":\"Qu\u2019est-ce qu\u2019est la m\u00e9diation ? - Centre biennois de m\u00e9diation - Biel\/Bienne\",\"isPartOf\":{\"@id\":\"https:\/\/www.praxis-fuer-mediation.ch\/fr\/#website\"},\"datePublished\":\"2021-06-07T09:48:17+00:00\",\"dateModified\":\"2021-07-18T20:03:19+00:00\",\"breadcrumb\":{\"@id\":\"https:\/\/www.praxis-fuer-mediation.ch\/fr\/mediation\/quest-ce-quest-la-mediation\/#breadcrumb\"},\"inLanguage\":\"fr-FR\",\"potentialAction\":[{\"@type\":\"ReadAction\",\"target\":[\"https:\/\/www.praxis-fuer-mediation.ch\/fr\/mediation\/quest-ce-quest-la-mediation\/\"]}]},{\"@type\":\"BreadcrumbList\",\"@id\":\"https:\/\/www.praxis-fuer-mediation.ch\/fr\/mediation\/quest-ce-quest-la-mediation\/#breadcrumb\",\"itemListElement\":[{\"@type\":\"ListItem\",\"position\":1,\"name\":\"Startseite\",\"item\":\"https:\/\/www.praxis-fuer-mediation.ch\/fr\/\"},{\"@type\":\"ListItem\",\"position\":2,\"name\":\"Mediation\",\"item\":\"https:\/\/www.praxis-fuer-mediation.ch\/fr\/mediation\/\"},{\"@type\":\"ListItem\",\"position\":3,\"name\":\"Qu\u2019est-ce qu\u2019est la m\u00e9diation ?\"}]},{\"@type\":\"WebSite\",\"@id\":\"https:\/\/www.praxis-fuer-mediation.ch\/fr\/#website\",\"url\":\"https:\/\/www.praxis-fuer-mediation.ch\/fr\/\",\"name\":\"Bieler Praxis f\u00fcr Mediation\",\"description\":\"\",\"potentialAction\":[{\"@type\":\"SearchAction\",\"target\":{\"@type\":\"EntryPoint\",\"urlTemplate\":\"https:\/\/www.praxis-fuer-mediation.ch\/fr\/?s={search_term_string}\"},\"query-input\":{\"@type\":\"PropertyValueSpecification\",\"valueRequired\":true,\"valueName\":\"search_term_string\"}}],\"inLanguage\":\"fr-FR\"}]}<\/script>\n<!-- \/ Yoast SEO plugin. -->","yoast_head_json":{"title":"Qu\u2019est-ce qu\u2019est la m\u00e9diation ? - Centre biennois de m\u00e9diation - Biel\/Bienne","robots":{"index":"index","follow":"follow","max-snippet":"max-snippet:-1","max-image-preview":"max-image-preview:large","max-video-preview":"max-video-preview:-1"},"canonical":"https:\/\/www.praxis-fuer-mediation.ch\/fr\/mediation\/quest-ce-quest-la-mediation\/","og_locale":"fr_FR","og_type":"article","og_title":"Qu\u2019est-ce qu\u2019est la m\u00e9diation ? - Centre biennois de m\u00e9diation - Biel\/Bienne","og_description":"[vc_row][vc_column][vc_column_text] Qu\u2019est-ce qu\u2019est la m\u00e9diation ? La m\u00e9diation vise \u00e0 r\u00e9soudre des conflits. Les personnes concern\u00e9es \u00e9laborent une solution commune et orient\u00e9e vers l\u2019avenir avec l\u2019aide d\u2019une m\u00e9diatrice ou d\u2019un m\u00e9diateur. Tel est le but. La m\u00e9diatrice et le m\u00e9diateur sont neutres. Ils conduisent les parties dans la proc\u00e9dure et les soutiennent. Ils ne font [&hellip;]","og_url":"https:\/\/www.praxis-fuer-mediation.ch\/fr\/mediation\/quest-ce-quest-la-mediation\/","og_site_name":"Bieler Praxis f\u00fcr Mediation","article_modified_time":"2021-07-18T20:03:19+00:00","twitter_card":"summary_large_image","twitter_misc":{"Dur\u00e9e de lecture estim\u00e9e":"1 minute"},"schema":{"@context":"https:\/\/schema.org","@graph":[{"@type":"WebPage","@id":"https:\/\/www.praxis-fuer-mediation.ch\/fr\/mediation\/quest-ce-quest-la-mediation\/","url":"https:\/\/www.praxis-fuer-mediation.ch\/fr\/mediation\/quest-ce-quest-la-mediation\/","name":"Qu\u2019est-ce qu\u2019est la m\u00e9diation ? - Centre biennois de m\u00e9diation - Biel\/Bienne","isPartOf":{"@id":"https:\/\/www.praxis-fuer-mediation.ch\/fr\/#website"},"datePublished":"2021-06-07T09:48:17+00:00","dateModified":"2021-07-18T20:03:19+00:00","breadcrumb":{"@id":"https:\/\/www.praxis-fuer-mediation.ch\/fr\/mediation\/quest-ce-quest-la-mediation\/#breadcrumb"},"inLanguage":"fr-FR","potentialAction":[{"@type":"ReadAction","target":["https:\/\/www.praxis-fuer-mediation.ch\/fr\/mediation\/quest-ce-quest-la-mediation\/"]}]},{"@type":"BreadcrumbList","@id":"https:\/\/www.praxis-fuer-mediation.ch\/fr\/mediation\/quest-ce-quest-la-mediation\/#breadcrumb","itemListElement":[{"@type":"ListItem","position":1,"name":"Startseite","item":"https:\/\/www.praxis-fuer-mediation.ch\/fr\/"},{"@type":"ListItem","position":2,"name":"Mediation","item":"https:\/\/www.praxis-fuer-mediation.ch\/fr\/mediation\/"},{"@type":"ListItem","position":3,"name":"Qu\u2019est-ce qu\u2019est la m\u00e9diation ?"}]},{"@type":"WebSite","@id":"https:\/\/www.praxis-fuer-mediation.ch\/fr\/#website","url":"https:\/\/www.praxis-fuer-mediation.ch\/fr\/","name":"Bieler Praxis f\u00fcr Mediation","description":"","potentialAction":[{"@type":"SearchAction","target":{"@type":"EntryPoint","urlTemplate":"https:\/\/www.praxis-fuer-mediation.ch\/fr\/?s={search_term_string}"},"query-input":{"@type":"PropertyValueSpecification","valueRequired":true,"valueName":"search_term_string"}}],"inLanguage":"fr-FR"}]}},"_links":{"self":[{"href":"https:\/\/www.praxis-fuer-mediation.ch\/fr\/wp-json\/wp\/v2\/pages\/849"}],"collection":[{"href":"https:\/\/www.praxis-fuer-mediation.ch\/fr\/wp-json\/wp\/v2\/pages"}],"about":[{"href":"https:\/\/www.praxis-fuer-mediation.ch\/fr\/wp-json\/wp\/v2\/types\/page"}],"author":[{"embeddable":true,"href":"https:\/\/www.praxis-fuer-mediation.ch\/fr\/wp-json\/wp\/v2\/users\/1"}],"replies":[{"embeddable":true,"href":"https:\/\/www.praxis-fuer-mediation.ch\/fr\/wp-json\/wp\/v2\/comments?post=849"}],"version-history":[{"count":6,"href":"https:\/\/www.praxis-fuer-mediation.ch\/fr\/wp-json\/wp\/v2\/pages\/849\/revisions"}],"predecessor-version":[{"id":1165,"href":"https:\/\/www.praxis-fuer-mediation.ch\/fr\/wp-json\/wp\/v2\/pages\/849\/revisions\/1165"}],"up":[{"embeddable":true,"href":"https:\/\/www.praxis-fuer-mediation.ch\/fr\/wp-json\/wp\/v2\/pages\/834"}],"wp:attachment":[{"href":"https:\/\/www.praxis-fuer-mediation.ch\/fr\/wp-json\/wp\/v2\/media?parent=849"}],"curies":[{"name":"wp","href":"https:\/\/api.w.org\/{rel}","templated":true}]}}